{"id":874355,"date":"2025-10-09T13:12:31","date_gmt":"2025-10-09T11:12:31","guid":{"rendered":"https:\/\/rencasa.compsa.net\/serveis\/"},"modified":"2026-01-23T10:13:14","modified_gmt":"2026-01-23T08:13:14","slug":"serveis","status":"publish","type":"page","link":"https:\/\/rencasa.com\/ca\/serveis\/","title":{"rendered":"SERVEIS"},"content":{"rendered":"<p><div class=\"fusion-fullwidth fullwidth-box fusion-builder-row-1 fusion-flex-container has-pattern-background has-mask-background fusion-parallax-none nonhundred-percent-fullwidth non-hundred-percent-height-scrolling lazyload\" style=\"--awb-border-radius-top-left:0px;--awb-border-radius-top-right:0px;--awb-border-radius-bottom-right:0px;--awb-border-radius-bottom-left:0px;--awb-padding-top:75px;--awb-padding-bottom:101px;--awb-background-size:cover;--awb-flex-wrap:wrap;\" data-bg=\"https:\/\/rencasa.compsa.net\/wp-content\/uploads\/2025\/10\/339.jpg\" ><div class=\"fusion-builder-row fusion-row fusion-flex-align-items-flex-start fusion-flex-content-wrap\" style=\"max-width:1424.8px;margin-left: calc(-4% \/ 2 );margin-right: calc(-4% \/ 2 );\"><div class=\"fusion-layout-column fusion_builder_column fusion-builder-column-0 fusion_builder_column_1_1 1_1 fusion-flex-column\" style=\"--awb-bg-size:cover;--awb-width-large:100%;--awb-margin-top-large:0px;--awb-spacing-right-large:1.92%;--awb-margin-bottom-large:20px;--awb-spacing-left-large:1.92%;--awb-width-medium:100%;--awb-order-medium:0;--awb-spacing-right-medium:1.92%;--awb-spacing-left-medium:1.92%;--awb-width-small:100%;--awb-order-small:0;--awb-spacing-right-small:1.92%;--awb-spacing-left-small:1.92%;\"><div class=\"fusion-column-wrapper fusion-column-has-shadow fusion-flex-justify-content-flex-start fusion-content-layout-column\"><div class=\"fusion-text fusion-text-1\"><p style=\"text-align: center; color: #ffffff; font-family: 'Playfair Display'; font-weight: 400; font-size: 57px;\" data-fusion-font=\"true\" data-fusion-google-font=\"Playfair Display\" data-fusion-google-variant=\"400\">Els nostres serveis<\/p>\n<\/div><\/div><\/div><\/div><\/div><div class=\"fusion-fullwidth fullwidth-box fusion-builder-row-2 fusion-flex-container has-pattern-background has-mask-background nonhundred-percent-fullwidth non-hundred-percent-height-scrolling\" style=\"--awb-border-radius-top-left:0px;--awb-border-radius-top-right:0px;--awb-border-radius-bottom-right:0px;--awb-border-radius-bottom-left:0px;--awb-padding-top:37px;--awb-flex-wrap:wrap;\" ><div class=\"fusion-builder-row fusion-row fusion-flex-align-items-flex-start fusion-flex-content-wrap\" style=\"max-width:1424.8px;margin-left: calc(-4% \/ 2 );margin-right: calc(-4% \/ 2 );\"><div class=\"fusion-layout-column fusion_builder_column fusion-builder-column-1 fusion_builder_column_1_2 1_2 fusion-flex-column\" style=\"--awb-bg-size:cover;--awb-width-large:50%;--awb-margin-top-large:0px;--awb-spacing-right-large:3.84%;--awb-margin-bottom-large:20px;--awb-spacing-left-large:3.84%;--awb-width-medium:50%;--awb-order-medium:0;--awb-spacing-right-medium:3.84%;--awb-spacing-left-medium:3.84%;--awb-width-small:100%;--awb-order-small:0;--awb-spacing-right-small:1.92%;--awb-spacing-left-small:1.92%;\"><div class=\"fusion-column-wrapper fusion-column-has-shadow fusion-flex-justify-content-flex-start fusion-content-layout-column\"><div class=\"fusion-image-element \" style=\"--awb-aspect-ratio:16 \/ 9;--awb-caption-title-font-family:var(--h2_typography-font-family);--awb-caption-title-font-weight:var(--h2_typography-font-weight);--awb-caption-title-font-style:var(--h2_typography-font-style);--awb-caption-title-size:var(--h2_typography-font-size);--awb-caption-title-transform:var(--h2_typography-text-transform);--awb-caption-title-line-height:var(--h2_typography-line-height);--awb-caption-title-letter-spacing:var(--h2_typography-letter-spacing);\"><span class=\" fusion-imageframe imageframe-none imageframe-1 hover-type-none has-aspect-ratio\"><img decoding=\"async\" width=\"2560\" height=\"1707\" title=\"tasacion y valoracion\" src=\"https:\/\/rencasa.com\/wp-content\/uploads\/2025\/10\/couple-making-an-agreement-with-estate-agent-2024-09-15-17-52-26-utc-scaled.jpg\" data-orig-src=\"https:\/\/rencasa.compsa.net\/wp-content\/uploads\/2025\/10\/couple-making-an-agreement-with-estate-agent-2024-09-15-17-52-26-utc-scaled.jpg\" class=\"lazyload img-responsive wp-image-5336 img-with-aspect-ratio\" data-parent-fit=\"cover\" data-parent-container=\".fusion-image-element\" alt srcset=\"data:image\/svg+xml,%3Csvg%20xmlns%3D%27http%3A%2F%2Fwww.w3.org%2F2000%2Fsvg%27%20width%3D%272560%27%20height%3D%271707%27%20viewBox%3D%270%200%202560%201707%27%3E%3Crect%20width%3D%272560%27%20height%3D%271707%27%20fill-opacity%3D%220%22%2F%3E%3C%2Fsvg%3E\" data-srcset=\"https:\/\/rencasa.com\/wp-content\/uploads\/2025\/10\/couple-making-an-agreement-with-estate-agent-2024-09-15-17-52-26-utc-200x133.jpg 200w, https:\/\/rencasa.com\/wp-content\/uploads\/2025\/10\/couple-making-an-agreement-with-estate-agent-2024-09-15-17-52-26-utc-400x267.jpg 400w, https:\/\/rencasa.com\/wp-content\/uploads\/2025\/10\/couple-making-an-agreement-with-estate-agent-2024-09-15-17-52-26-utc-600x400.jpg 600w, https:\/\/rencasa.com\/wp-content\/uploads\/2025\/10\/couple-making-an-agreement-with-estate-agent-2024-09-15-17-52-26-utc-800x533.jpg 800w, https:\/\/rencasa.com\/wp-content\/uploads\/2025\/10\/couple-making-an-agreement-with-estate-agent-2024-09-15-17-52-26-utc-1200x800.jpg 1200w, https:\/\/rencasa.com\/wp-content\/uploads\/2025\/10\/couple-making-an-agreement-with-estate-agent-2024-09-15-17-52-26-utc-scaled.jpg 2560w\" data-sizes=\"auto\" data-orig-sizes=\"(max-width: 640px) 100vw, 800px\" \/><\/span><\/div><div class=\"fusion-title title fusion-title-1 fusion-sep-none fusion-title-text fusion-title-size-three\"><h3 class=\"fusion-title-heading title-heading-left fusion-responsive-typography-calculated\" style=\"margin:0;--fontSize:39;line-height:var(--awb-custom_typography_1-line-height);\"><div><\/div>\n<p> Taxaci\u00f3 i Valoraci\u00f3<\/h3><\/div><div class=\"fusion-text fusion-text-2\"><p>La valoraci\u00f3 i la taxaci\u00f3 de propietats \u00e9s un servei molt important per determinar el preu adequat de venda o lloguer d&#8217;un immoble. Rencasa compta amb professionals capacitats per realitzar aquestes valoracions, som Agents de la Propietat Immobili\u00e0ria des del 1975. Per a la taxaci\u00f3, tenim en compte factors com la ubicaci\u00f3, la mida, les condicions de l&#8217;immoble i les caracter\u00edstiques del mercat local, comptant amb els par\u00e0metres del mercat urban\u00edstic i arquitect\u00f2nic i evitant elements especulatius. Totes les taxacions estaran certificades per un Agent de la Propietat Immobili\u00e0ria.   <\/p>\n<\/div><\/div><\/div><div class=\"fusion-layout-column fusion_builder_column fusion-builder-column-2 fusion_builder_column_1_2 1_2 fusion-flex-column\" style=\"--awb-bg-size:cover;--awb-width-large:50%;--awb-margin-top-large:0px;--awb-spacing-right-large:3.84%;--awb-margin-bottom-large:20px;--awb-spacing-left-large:3.84%;--awb-width-medium:50%;--awb-order-medium:0;--awb-spacing-right-medium:3.84%;--awb-spacing-left-medium:3.84%;--awb-width-small:100%;--awb-order-small:0;--awb-spacing-right-small:1.92%;--awb-spacing-left-small:1.92%;\"><div class=\"fusion-column-wrapper fusion-column-has-shadow fusion-flex-justify-content-flex-start fusion-content-layout-column\"><div class=\"fusion-image-element \" style=\"--awb-aspect-ratio:16 \/ 9;--awb-caption-title-font-family:var(--h2_typography-font-family);--awb-caption-title-font-weight:var(--h2_typography-font-weight);--awb-caption-title-font-style:var(--h2_typography-font-style);--awb-caption-title-size:var(--h2_typography-font-size);--awb-caption-title-transform:var(--h2_typography-text-transform);--awb-caption-title-line-height:var(--h2_typography-line-height);--awb-caption-title-letter-spacing:var(--h2_typography-letter-spacing);\"><span class=\" fusion-imageframe imageframe-none imageframe-2 hover-type-none has-aspect-ratio\"><img decoding=\"async\" width=\"2560\" height=\"1708\" title=\"gestion y comercializacion\" src=\"https:\/\/rencasa.com\/wp-content\/uploads\/2025\/10\/beautiful-street-view-of-antequera-andalusia-spa-2025-02-11-20-11-05-utc-scaled.jpg\" data-orig-src=\"https:\/\/rencasa.compsa.net\/wp-content\/uploads\/2025\/10\/beautiful-street-view-of-antequera-andalusia-spa-2025-02-11-20-11-05-utc-scaled.jpg\" class=\"lazyload img-responsive wp-image-5339 img-with-aspect-ratio\" data-parent-fit=\"cover\" data-parent-container=\".fusion-image-element\" alt srcset=\"data:image\/svg+xml,%3Csvg%20xmlns%3D%27http%3A%2F%2Fwww.w3.org%2F2000%2Fsvg%27%20width%3D%272560%27%20height%3D%271708%27%20viewBox%3D%270%200%202560%201708%27%3E%3Crect%20width%3D%272560%27%20height%3D%271708%27%20fill-opacity%3D%220%22%2F%3E%3C%2Fsvg%3E\" data-srcset=\"https:\/\/rencasa.com\/wp-content\/uploads\/2025\/10\/beautiful-street-view-of-antequera-andalusia-spa-2025-02-11-20-11-05-utc-200x133.jpg 200w, https:\/\/rencasa.com\/wp-content\/uploads\/2025\/10\/beautiful-street-view-of-antequera-andalusia-spa-2025-02-11-20-11-05-utc-400x267.jpg 400w, https:\/\/rencasa.com\/wp-content\/uploads\/2025\/10\/beautiful-street-view-of-antequera-andalusia-spa-2025-02-11-20-11-05-utc-600x400.jpg 600w, https:\/\/rencasa.com\/wp-content\/uploads\/2025\/10\/beautiful-street-view-of-antequera-andalusia-spa-2025-02-11-20-11-05-utc-800x534.jpg 800w, https:\/\/rencasa.com\/wp-content\/uploads\/2025\/10\/beautiful-street-view-of-antequera-andalusia-spa-2025-02-11-20-11-05-utc-1200x800.jpg 1200w, https:\/\/rencasa.com\/wp-content\/uploads\/2025\/10\/beautiful-street-view-of-antequera-andalusia-spa-2025-02-11-20-11-05-utc-scaled.jpg 2560w\" data-sizes=\"auto\" data-orig-sizes=\"(max-width: 640px) 100vw, 800px\" \/><\/span><\/div><div class=\"fusion-title title fusion-title-2 fusion-sep-none fusion-title-text fusion-title-size-three\"><h3 class=\"fusion-title-heading title-heading-left fusion-responsive-typography-calculated\" style=\"margin:0;--fontSize:39;line-height:var(--awb-custom_typography_1-line-height);\"><div><\/div>\n<p> Gesti\u00f3 i comercialitzaci\u00f3 de s\u00f2l urb\u00e0<\/h3><\/div><div class=\"fusion-text fusion-text-3\"><p>El s\u00f2l \u00e9s imprescindible per al desenvolupament immobiliari. S&#8217;han de tenir en compte els factors que hi donaran valor (l&#8217;edificabilitat, l&#8217;\u00fas, la viabilitat, els preus, la situaci\u00f3, les llic\u00e8ncies,..), per aix\u00f2 posem a disposici\u00f3 dels nostres clients tots els serveis necessaris per aconseguir-ho, i els assessorem al llarg de totes les fases del projecte: a la compra del s\u00f2l, a l&#8217;elaboraci\u00f3 d&#8217;un estudi de viabilitat, desenvolupant convenis urban\u00edstics, a la construcci\u00f3, al m\u00e0rqueting i comercialitzaci\u00f3 del producte ia la seva gesti\u00f3 patrimonial. A la fase final coordinem el proc\u00e9s d&#8217;escriptura, entrega de claus i postvenda.  <\/p>\n<\/div><\/div><\/div><div class=\"fusion-layout-column fusion_builder_column fusion-builder-column-3 fusion_builder_column_1_2 1_2 fusion-flex-column\" style=\"--awb-bg-size:cover;--awb-width-large:50%;--awb-margin-top-large:0px;--awb-spacing-right-large:3.84%;--awb-margin-bottom-large:20px;--awb-spacing-left-large:3.84%;--awb-width-medium:50%;--awb-order-medium:0;--awb-spacing-right-medium:3.84%;--awb-spacing-left-medium:3.84%;--awb-width-small:100%;--awb-order-small:0;--awb-spacing-right-small:1.92%;--awb-spacing-left-small:1.92%;\"><div class=\"fusion-column-wrapper fusion-column-has-shadow fusion-flex-justify-content-flex-start fusion-content-layout-column\"><div class=\"fusion-image-element \" style=\"--awb-aspect-ratio:16 \/ 9;--awb-caption-title-font-family:var(--h2_typography-font-family);--awb-caption-title-font-weight:var(--h2_typography-font-weight);--awb-caption-title-font-style:var(--h2_typography-font-style);--awb-caption-title-size:var(--h2_typography-font-size);--awb-caption-title-transform:var(--h2_typography-text-transform);--awb-caption-title-line-height:var(--h2_typography-line-height);--awb-caption-title-letter-spacing:var(--h2_typography-letter-spacing);\"><span class=\" fusion-imageframe imageframe-none imageframe-3 hover-type-none has-aspect-ratio\"><img decoding=\"async\" width=\"2560\" height=\"1575\" title=\"asesoramiento\" src=\"https:\/\/rencasa.com\/wp-content\/uploads\/2025\/10\/estate-agent-and-customer-shaking-hands-after-faft-2025-01-10-11-11-16-utc-scaled.jpg\" data-orig-src=\"https:\/\/rencasa.compsa.net\/wp-content\/uploads\/2025\/10\/estate-agent-and-customer-shaking-hands-after-faft-2025-01-10-11-11-16-utc-scaled.jpg\" class=\"lazyload img-responsive wp-image-5341 img-with-aspect-ratio\" data-parent-fit=\"cover\" data-parent-container=\".fusion-image-element\" alt srcset=\"data:image\/svg+xml,%3Csvg%20xmlns%3D%27http%3A%2F%2Fwww.w3.org%2F2000%2Fsvg%27%20width%3D%272560%27%20height%3D%271575%27%20viewBox%3D%270%200%202560%201575%27%3E%3Crect%20width%3D%272560%27%20height%3D%271575%27%20fill-opacity%3D%220%22%2F%3E%3C%2Fsvg%3E\" data-srcset=\"https:\/\/rencasa.com\/wp-content\/uploads\/2025\/10\/estate-agent-and-customer-shaking-hands-after-faft-2025-01-10-11-11-16-utc-200x123.jpg 200w, https:\/\/rencasa.com\/wp-content\/uploads\/2025\/10\/estate-agent-and-customer-shaking-hands-after-faft-2025-01-10-11-11-16-utc-400x246.jpg 400w, https:\/\/rencasa.com\/wp-content\/uploads\/2025\/10\/estate-agent-and-customer-shaking-hands-after-faft-2025-01-10-11-11-16-utc-600x369.jpg 600w, https:\/\/rencasa.com\/wp-content\/uploads\/2025\/10\/estate-agent-and-customer-shaking-hands-after-faft-2025-01-10-11-11-16-utc-800x492.jpg 800w, https:\/\/rencasa.com\/wp-content\/uploads\/2025\/10\/estate-agent-and-customer-shaking-hands-after-faft-2025-01-10-11-11-16-utc-1200x739.jpg 1200w, https:\/\/rencasa.com\/wp-content\/uploads\/2025\/10\/estate-agent-and-customer-shaking-hands-after-faft-2025-01-10-11-11-16-utc-scaled.jpg 2560w\" data-sizes=\"auto\" data-orig-sizes=\"(max-width: 640px) 100vw, 800px\" \/><\/span><\/div><div class=\"fusion-title title fusion-title-3 fusion-sep-none fusion-title-text fusion-title-size-three\"><h3 class=\"fusion-title-heading title-heading-left fusion-responsive-typography-calculated\" style=\"margin:0;--fontSize:39;line-height:var(--awb-custom_typography_1-line-height);\"><div><\/div>\n<div><\/div>\n<p> Assessorament<\/h3><\/div><div class=\"fusion-text fusion-text-4\"><p>CONTRACTUAL.- Les transaccions immobili\u00e0ries poden comportar riscos legals, i \u00e9s fonamental comptar amb un equip de professionals que ofereixi serveis legals per protegir els interessos dels nostres clients. Entre aquests serveis s&#8217;inclouen la redacci\u00f3 i revisi\u00f3 de contractes personalitzats, l&#8217;assessoria en q\u00fcestions fiscals i la resoluci\u00f3 de conflictes entre propietaris i llogaters o compradors, per aix\u00f2 comptem amb una assessoria jur\u00eddica pr\u00f2pia.<\/p>\n<p>FINANCER.- Facilitem la compra a trav\u00e9s del nostre departament de finan\u00e7ament, podr\u00e0s obtenir un pr\u00e9stec hipotecari amb les millors condicions, a l&#8217;entitat banc\u00e0ria que millor s&#8217;adapti a les teves possibilitats.<\/p>\n<p>CONSULTORIA.- Realitzem estudis i informes per obtenir la m\u00e0xima informaci\u00f3 relativa al projecte que estem estudiant, mitjan\u00e7ant an\u00e0lisis urban\u00edstiques, de mercat, econ\u00f2miques i t\u00e8cniques. Proposem el producte m\u00e9s adequat segons cada situaci\u00f3 de mercat<\/p>\n<\/div><\/div><\/div><div class=\"fusion-layout-column fusion_builder_column fusion-builder-column-4 fusion_builder_column_1_2 1_2 fusion-flex-column\" style=\"--awb-bg-size:cover;--awb-width-large:50%;--awb-margin-top-large:0px;--awb-spacing-right-large:3.84%;--awb-margin-bottom-large:20px;--awb-spacing-left-large:3.84%;--awb-width-medium:50%;--awb-order-medium:0;--awb-spacing-right-medium:3.84%;--awb-spacing-left-medium:3.84%;--awb-width-small:100%;--awb-order-small:0;--awb-spacing-right-small:1.92%;--awb-spacing-left-small:1.92%;\"><div class=\"fusion-column-wrapper fusion-column-has-shadow fusion-flex-justify-content-flex-start fusion-content-layout-column\"><div class=\"fusion-image-element \" style=\"--awb-aspect-ratio:16 \/ 9;--awb-caption-title-font-family:var(--h2_typography-font-family);--awb-caption-title-font-weight:var(--h2_typography-font-weight);--awb-caption-title-font-style:var(--h2_typography-font-style);--awb-caption-title-size:var(--h2_typography-font-size);--awb-caption-title-transform:var(--h2_typography-text-transform);--awb-caption-title-line-height:var(--h2_typography-line-height);--awb-caption-title-letter-spacing:var(--h2_typography-letter-spacing);\"><span class=\" fusion-imageframe imageframe-none imageframe-4 hover-type-none has-aspect-ratio\"><img decoding=\"async\" width=\"2560\" height=\"1707\" title=\"personal shopper inmobiliario\" src=\"https:\/\/rencasa.com\/wp-content\/uploads\/2025\/10\/woman-near-the-sofa-looking-at-a-green-pillow-2024-10-13-20-07-06-utc-scaled.jpg\" data-orig-src=\"https:\/\/rencasa.compsa.net\/wp-content\/uploads\/2025\/10\/woman-near-the-sofa-looking-at-a-green-pillow-2024-10-13-20-07-06-utc-scaled.jpg\" class=\"lazyload img-responsive wp-image-5334 img-with-aspect-ratio\" data-parent-fit=\"cover\" data-parent-container=\".fusion-image-element\" alt srcset=\"data:image\/svg+xml,%3Csvg%20xmlns%3D%27http%3A%2F%2Fwww.w3.org%2F2000%2Fsvg%27%20width%3D%272560%27%20height%3D%271707%27%20viewBox%3D%270%200%202560%201707%27%3E%3Crect%20width%3D%272560%27%20height%3D%271707%27%20fill-opacity%3D%220%22%2F%3E%3C%2Fsvg%3E\" data-srcset=\"https:\/\/rencasa.com\/wp-content\/uploads\/2025\/10\/woman-near-the-sofa-looking-at-a-green-pillow-2024-10-13-20-07-06-utc-200x133.jpg 200w, https:\/\/rencasa.com\/wp-content\/uploads\/2025\/10\/woman-near-the-sofa-looking-at-a-green-pillow-2024-10-13-20-07-06-utc-400x267.jpg 400w, https:\/\/rencasa.com\/wp-content\/uploads\/2025\/10\/woman-near-the-sofa-looking-at-a-green-pillow-2024-10-13-20-07-06-utc-600x400.jpg 600w, https:\/\/rencasa.com\/wp-content\/uploads\/2025\/10\/woman-near-the-sofa-looking-at-a-green-pillow-2024-10-13-20-07-06-utc-800x533.jpg 800w, https:\/\/rencasa.com\/wp-content\/uploads\/2025\/10\/woman-near-the-sofa-looking-at-a-green-pillow-2024-10-13-20-07-06-utc-1200x800.jpg 1200w, https:\/\/rencasa.com\/wp-content\/uploads\/2025\/10\/woman-near-the-sofa-looking-at-a-green-pillow-2024-10-13-20-07-06-utc-scaled.jpg 2560w\" data-sizes=\"auto\" data-orig-sizes=\"(max-width: 640px) 100vw, 800px\" \/><\/span><\/div><div class=\"fusion-title title fusion-title-4 fusion-sep-none fusion-title-text fusion-title-size-three\"><h3 class=\"fusion-title-heading title-heading-left fusion-responsive-typography-calculated\" style=\"margin:0;--fontSize:39;line-height:var(--awb-custom_typography_1-line-height);\"><div><\/div>\n<div><\/div>\n<p> Coach i personal shopper immobiliari (assessor personal)<\/h3><\/div><div class=\"fusion-text fusion-text-5\"><p>Buscarem les propietats que m\u00e9s s&#8217;adaptin a les vostres necessitats. Et farem estalviar temps a la recerca i aconseguirem que evitis sorpreses legals, t\u00e8cniques o financeres. L&#8217;assessorament personalitzat \u00e9s fonamental per entendre les necessitats i les expectatives de cada client. Un agent immobiliari ha de ser capa\u00e7 de guiar els seus clients a la recerca de la propietat ideal, proporcionant informaci\u00f3 sobre el mercat immobiliari, preus, zones i caracter\u00edstiques de les propietats disponibles. Rencasa us donar\u00e0 el suport necessari durant tot el proc\u00e9s de compra o lloguer, resolent dubtes i facilitant la presa de decisions. T&#8217;acompanyarem en tots els detalls perqu\u00e8 prenguis la millor decisi\u00f3 en la compra o en la venda del teu habitatge     <\/p>\n<\/div><\/div><\/div><div class=\"fusion-layout-column fusion_builder_column fusion-builder-column-5 fusion_builder_column_1_2 1_2 fusion-flex-column\" style=\"--awb-bg-size:cover;--awb-width-large:50%;--awb-margin-top-large:0px;--awb-spacing-right-large:3.84%;--awb-margin-bottom-large:20px;--awb-spacing-left-large:3.84%;--awb-width-medium:50%;--awb-order-medium:0;--awb-spacing-right-medium:3.84%;--awb-spacing-left-medium:3.84%;--awb-width-small:100%;--awb-order-small:0;--awb-spacing-right-small:1.92%;--awb-spacing-left-small:1.92%;\"><div class=\"fusion-column-wrapper fusion-column-has-shadow fusion-flex-justify-content-flex-start fusion-content-layout-column\"><div class=\"fusion-image-element \" style=\"--awb-aspect-ratio:16 \/ 9;--awb-caption-title-font-family:var(--h2_typography-font-family);--awb-caption-title-font-weight:var(--h2_typography-font-weight);--awb-caption-title-font-style:var(--h2_typography-font-style);--awb-caption-title-size:var(--h2_typography-font-size);--awb-caption-title-transform:var(--h2_typography-text-transform);--awb-caption-title-line-height:var(--h2_typography-line-height);--awb-caption-title-letter-spacing:var(--h2_typography-letter-spacing);\"><span class=\" fusion-imageframe imageframe-none imageframe-5 hover-type-none has-aspect-ratio\"><img decoding=\"async\" width=\"2560\" height=\"1709\" title=\"rencasa1\" src=\"https:\/\/rencasa.com\/wp-content\/uploads\/2025\/10\/real-estate-investment-ideas-and-contracts-2025-03-08-00-38-45-utc-scaled.jpg\" data-orig-src=\"https:\/\/rencasa.compsa.net\/wp-content\/uploads\/2025\/10\/real-estate-investment-ideas-and-contracts-2025-03-08-00-38-45-utc-scaled.jpg\" class=\"lazyload img-responsive wp-image-5389 img-with-aspect-ratio\" data-parent-fit=\"cover\" data-parent-container=\".fusion-image-element\" alt srcset=\"data:image\/svg+xml,%3Csvg%20xmlns%3D%27http%3A%2F%2Fwww.w3.org%2F2000%2Fsvg%27%20width%3D%272560%27%20height%3D%271709%27%20viewBox%3D%270%200%202560%201709%27%3E%3Crect%20width%3D%272560%27%20height%3D%271709%27%20fill-opacity%3D%220%22%2F%3E%3C%2Fsvg%3E\" data-srcset=\"https:\/\/rencasa.com\/wp-content\/uploads\/2025\/10\/real-estate-investment-ideas-and-contracts-2025-03-08-00-38-45-utc-200x134.jpg 200w, https:\/\/rencasa.com\/wp-content\/uploads\/2025\/10\/real-estate-investment-ideas-and-contracts-2025-03-08-00-38-45-utc-400x267.jpg 400w, https:\/\/rencasa.com\/wp-content\/uploads\/2025\/10\/real-estate-investment-ideas-and-contracts-2025-03-08-00-38-45-utc-600x401.jpg 600w, https:\/\/rencasa.com\/wp-content\/uploads\/2025\/10\/real-estate-investment-ideas-and-contracts-2025-03-08-00-38-45-utc-800x534.jpg 800w, https:\/\/rencasa.com\/wp-content\/uploads\/2025\/10\/real-estate-investment-ideas-and-contracts-2025-03-08-00-38-45-utc-1200x801.jpg 1200w, https:\/\/rencasa.com\/wp-content\/uploads\/2025\/10\/real-estate-investment-ideas-and-contracts-2025-03-08-00-38-45-utc-scaled.jpg 2560w\" data-sizes=\"auto\" data-orig-sizes=\"(max-width: 640px) 100vw, 800px\" \/><\/span><\/div><div class=\"fusion-title title fusion-title-5 fusion-sep-none fusion-title-text fusion-title-size-three\"><h3 class=\"fusion-title-heading title-heading-left fusion-responsive-typography-calculated\" style=\"margin:0;--fontSize:39;line-height:var(--awb-custom_typography_1-line-height);\"><div><\/div>\n<div><\/div>\n<p> Gesti\u00f3 de patrimonis<\/h3><\/div><div class=\"fusion-text fusion-text-6\"><p>El nostre servei d&#8217;intermediaci\u00f3 i administraci\u00f3 de lloguer d&#8217;immobles permet si ets propietari, maximitzar els ingressos a trav\u00e9s d&#8217;una gesti\u00f3 completa que realitzem de les teves propietats, simplificant els processos i tr\u00e0mits relacionats amb el lloguer. Com a propietari, se us assignar\u00e0 a un dels nostres professionals amb qui podreu gestionar tots els vostres dubtes d&#8217;una manera directa, personal i professional. Revisarem tots els documents necessaris per poder llogar l\u00b4immoble: contractes d&#8217;arrendament, inventaris, dip\u00f2sits de fiances, garanties complement\u00e0ries, avals, c\u00e8dules d&#8217;habitabilitat, certificats d&#8217;efici\u00e8ncia energ\u00e8tica, documentaci\u00f3 arrendataris, etc, aix\u00ed com qualsevol documentaci\u00f3 vinculada a l&#8217;arrendament. Nosaltres ens encarregarem de la gesti\u00f3 d&#8217;incid\u00e8ncies, sol\u00b7licitud de pressupostos a industrials, seguiment i control de l&#8217;execuci\u00f3 de les reparacions o treballs que es duguin a terme a l&#8217;immoble Gr\u00e0cies a la nostra pres\u00e8ncia a portals immobiliaris, xarxes socials i canals de comunicaci\u00f3 obtindr\u00e0s una major visibilitat del teu immoble que arribar\u00e0 r\u00e0pidament al teu futur inquil\u00ed, de manera que no tindr\u00e0s l&#8217;immoble molt temps buit.   <\/p>\n<\/div><\/div><\/div><div class=\"fusion-layout-column fusion_builder_column fusion-builder-column-6 fusion_builder_column_1_2 1_2 fusion-flex-column\" style=\"--awb-bg-size:cover;--awb-width-large:50%;--awb-margin-top-large:0px;--awb-spacing-right-large:3.84%;--awb-margin-bottom-large:20px;--awb-spacing-left-large:3.84%;--awb-width-medium:50%;--awb-order-medium:0;--awb-spacing-right-medium:3.84%;--awb-spacing-left-medium:3.84%;--awb-width-small:100%;--awb-order-small:0;--awb-spacing-right-small:1.92%;--awb-spacing-left-small:1.92%;\"><div class=\"fusion-column-wrapper fusion-column-has-shadow fusion-flex-justify-content-flex-start fusion-content-layout-column\"><div class=\"fusion-image-element \" style=\"--awb-aspect-ratio:16 \/ 9;--awb-caption-title-font-family:var(--h2_typography-font-family);--awb-caption-title-font-weight:var(--h2_typography-font-weight);--awb-caption-title-font-style:var(--h2_typography-font-style);--awb-caption-title-size:var(--h2_typography-font-size);--awb-caption-title-transform:var(--h2_typography-text-transform);--awb-caption-title-line-height:var(--h2_typography-line-height);--awb-caption-title-letter-spacing:var(--h2_typography-letter-spacing);\"><span class=\" fusion-imageframe imageframe-none imageframe-6 hover-type-none has-aspect-ratio\"><img decoding=\"async\" width=\"2560\" height=\"1707\" title=\"compra y venta\" src=\"https:\/\/rencasa.com\/wp-content\/uploads\/2025\/10\/happy-black-real-estate-agent-talking-to-her-clien-2025-09-28-06-18-40-utc-scaled.jpg\" data-orig-src=\"https:\/\/rencasa.compsa.net\/wp-content\/uploads\/2025\/10\/happy-black-real-estate-agent-talking-to-her-clien-2025-09-28-06-18-40-utc-scaled.jpg\" class=\"lazyload img-responsive wp-image-5340 img-with-aspect-ratio\" data-parent-fit=\"cover\" data-parent-container=\".fusion-image-element\" alt srcset=\"data:image\/svg+xml,%3Csvg%20xmlns%3D%27http%3A%2F%2Fwww.w3.org%2F2000%2Fsvg%27%20width%3D%272560%27%20height%3D%271707%27%20viewBox%3D%270%200%202560%201707%27%3E%3Crect%20width%3D%272560%27%20height%3D%271707%27%20fill-opacity%3D%220%22%2F%3E%3C%2Fsvg%3E\" data-srcset=\"https:\/\/rencasa.com\/wp-content\/uploads\/2025\/10\/happy-black-real-estate-agent-talking-to-her-clien-2025-09-28-06-18-40-utc-200x133.jpg 200w, https:\/\/rencasa.com\/wp-content\/uploads\/2025\/10\/happy-black-real-estate-agent-talking-to-her-clien-2025-09-28-06-18-40-utc-400x267.jpg 400w, https:\/\/rencasa.com\/wp-content\/uploads\/2025\/10\/happy-black-real-estate-agent-talking-to-her-clien-2025-09-28-06-18-40-utc-600x400.jpg 600w, https:\/\/rencasa.com\/wp-content\/uploads\/2025\/10\/happy-black-real-estate-agent-talking-to-her-clien-2025-09-28-06-18-40-utc-800x533.jpg 800w, https:\/\/rencasa.com\/wp-content\/uploads\/2025\/10\/happy-black-real-estate-agent-talking-to-her-clien-2025-09-28-06-18-40-utc-1200x800.jpg 1200w, https:\/\/rencasa.com\/wp-content\/uploads\/2025\/10\/happy-black-real-estate-agent-talking-to-her-clien-2025-09-28-06-18-40-utc-scaled.jpg 2560w\" data-sizes=\"auto\" data-orig-sizes=\"(max-width: 640px) 100vw, 800px\" \/><\/span><\/div><div class=\"fusion-title title fusion-title-6 fusion-sep-none fusion-title-text fusion-title-size-three\"><h3 class=\"fusion-title-heading title-heading-left fusion-responsive-typography-calculated\" style=\"margin:0;--fontSize:39;line-height:var(--awb-custom_typography_1-line-height);\"><div><\/div>\n<div><\/div>\n<p> Servei de compra venda i lloguer d&#8217;immobles<\/h3><\/div><div class=\"fusion-text fusion-text-7\"><p>Per als compradors: Ens encarreguem de tots els passos del proc\u00e9s dadquisici\u00f3 de propietats, des de la planificaci\u00f3 de la inversi\u00f3 fins al tancament de loperaci\u00f3, passant pel finan\u00e7ament hipotecari.<\/p>\n<p>Pels venedors: Realitzem un Pla de M\u00e0rqueting espec\u00edfic perqu\u00e8 la propietat destaqui sobre l&#8217;oferta existent, facilitant una venda o lloguer en el menor termini possible. La teva propietat estar\u00e0 anunciada als principals portals immobiliaris amb reportatges fotogr\u00e0fics, visita virtual i v\u00eddeos professionals. Tindr\u00e0s un expert assessor a la teva disposici\u00f3. En el cas del lloguer, us oferim els serveis d&#8217;administraci\u00f3, asseguran\u00e7a de cobrament i servei de reparacions   <\/p>\n<p>Per als llogaters: Us ajudem a l&#8217;assessorament per trobar i seleccionar els millors immobles amb les millors condicions de mercat.<\/p>\n<\/div><\/div><\/div><div class=\"fusion-layout-column fusion_builder_column fusion-builder-column-7 fusion_builder_column_1_2 1_2 fusion-flex-column\" style=\"--awb-bg-size:cover;--awb-width-large:50%;--awb-margin-top-large:0px;--awb-spacing-right-large:3.84%;--awb-margin-bottom-large:20px;--awb-spacing-left-large:3.84%;--awb-width-medium:50%;--awb-order-medium:0;--awb-spacing-right-medium:3.84%;--awb-spacing-left-medium:3.84%;--awb-width-small:100%;--awb-order-small:0;--awb-spacing-right-small:1.92%;--awb-spacing-left-small:1.92%;\"><div class=\"fusion-column-wrapper fusion-column-has-shadow fusion-flex-justify-content-flex-start fusion-content-layout-column\"><div class=\"fusion-image-element \" style=\"--awb-aspect-ratio:16 \/ 9;--awb-caption-title-font-family:var(--h2_typography-font-family);--awb-caption-title-font-weight:var(--h2_typography-font-weight);--awb-caption-title-font-style:var(--h2_typography-font-style);--awb-caption-title-size:var(--h2_typography-font-size);--awb-caption-title-transform:var(--h2_typography-text-transform);--awb-caption-title-line-height:var(--h2_typography-line-height);--awb-caption-title-letter-spacing:var(--h2_typography-letter-spacing);\"><span class=\" fusion-imageframe imageframe-none imageframe-7 hover-type-none has-aspect-ratio\"><img decoding=\"async\" width=\"2560\" height=\"1707\" title=\"reformas y nueva construccion\" src=\"https:\/\/rencasa.com\/wp-content\/uploads\/2025\/10\/group-architect-team-on-construction-site-inspecti-2024-12-19-19-31-07-utc-scaled.jpg\" data-orig-src=\"https:\/\/rencasa.compsa.net\/wp-content\/uploads\/2025\/10\/group-architect-team-on-construction-site-inspecti-2024-12-19-19-31-07-utc-scaled.jpg\" class=\"lazyload img-responsive wp-image-5333 img-with-aspect-ratio\" data-parent-fit=\"cover\" data-parent-container=\".fusion-image-element\" alt srcset=\"data:image\/svg+xml,%3Csvg%20xmlns%3D%27http%3A%2F%2Fwww.w3.org%2F2000%2Fsvg%27%20width%3D%272560%27%20height%3D%271707%27%20viewBox%3D%270%200%202560%201707%27%3E%3Crect%20width%3D%272560%27%20height%3D%271707%27%20fill-opacity%3D%220%22%2F%3E%3C%2Fsvg%3E\" data-srcset=\"https:\/\/rencasa.com\/wp-content\/uploads\/2025\/10\/group-architect-team-on-construction-site-inspecti-2024-12-19-19-31-07-utc-200x133.jpg 200w, https:\/\/rencasa.com\/wp-content\/uploads\/2025\/10\/group-architect-team-on-construction-site-inspecti-2024-12-19-19-31-07-utc-400x267.jpg 400w, https:\/\/rencasa.com\/wp-content\/uploads\/2025\/10\/group-architect-team-on-construction-site-inspecti-2024-12-19-19-31-07-utc-600x400.jpg 600w, https:\/\/rencasa.com\/wp-content\/uploads\/2025\/10\/group-architect-team-on-construction-site-inspecti-2024-12-19-19-31-07-utc-800x533.jpg 800w, https:\/\/rencasa.com\/wp-content\/uploads\/2025\/10\/group-architect-team-on-construction-site-inspecti-2024-12-19-19-31-07-utc-1200x800.jpg 1200w, https:\/\/rencasa.com\/wp-content\/uploads\/2025\/10\/group-architect-team-on-construction-site-inspecti-2024-12-19-19-31-07-utc-scaled.jpg 2560w\" data-sizes=\"auto\" data-orig-sizes=\"(max-width: 640px) 100vw, 800px\" \/><\/span><\/div><div class=\"fusion-title title fusion-title-7 fusion-sep-none fusion-title-text fusion-title-size-three\"><h3 class=\"fusion-title-heading title-heading-left fusion-responsive-typography-calculated\" style=\"margin:0;--fontSize:39;line-height:var(--awb-custom_typography_1-line-height);\"><div><\/div>\n<div><\/div>\n<p> Reformes i nova construcci\u00f3<\/h3><\/div><div class=\"fusion-text fusion-text-8\"><p>Som conscients que alguns dels nostres clients poden estar interessats a adquirir propietats que requereixin reformes o fins i tot a construir un habitatge des de zero. En aquests casos, RENCASA els pot oferir serveis de gesti\u00f3 de projectes de reforma i de construcci\u00f3, coordinant amb arquitectes, constructors i altres professionals del sector per garantir que el projecte es desenvolupi de manera eficient i satisfact\u00f2ria, per aix\u00f2 col\u00b7laborem amb un equip de professionals que realitzar\u00e0 els treballs de reforma o de nova construcci\u00f3 que necessiteu b\u00e9 sigui per millorar la qualitat de la seva propietat, o ja sigui per a la construcci\u00f3 d&#8217;una nova. Us assessorem en tot all\u00f2 que necessiteu perqu\u00e8 la construcci\u00f3 s&#8217;adapti a les vostres necessitats.  <\/p>\n<\/div><\/div><\/div><div class=\"fusion-layout-column fusion_builder_column fusion-builder-column-8 fusion_builder_column_1_2 1_2 fusion-flex-column\" style=\"--awb-bg-size:cover;--awb-width-large:50%;--awb-margin-top-large:0px;--awb-spacing-right-large:3.84%;--awb-margin-bottom-large:20px;--awb-spacing-left-large:3.84%;--awb-width-medium:50%;--awb-order-medium:0;--awb-spacing-right-medium:3.84%;--awb-spacing-left-medium:3.84%;--awb-width-small:100%;--awb-order-small:0;--awb-spacing-right-small:1.92%;--awb-spacing-left-small:1.92%;\"><div class=\"fusion-column-wrapper fusion-column-has-shadow fusion-flex-justify-content-flex-start fusion-content-layout-column\"><div class=\"fusion-image-element \" style=\"--awb-aspect-ratio:16 \/ 9;--awb-caption-title-font-family:var(--h2_typography-font-family);--awb-caption-title-font-weight:var(--h2_typography-font-weight);--awb-caption-title-font-style:var(--h2_typography-font-style);--awb-caption-title-size:var(--h2_typography-font-size);--awb-caption-title-transform:var(--h2_typography-text-transform);--awb-caption-title-line-height:var(--h2_typography-line-height);--awb-caption-title-letter-spacing:var(--h2_typography-letter-spacing);\"><span class=\" fusion-imageframe imageframe-none imageframe-8 hover-type-none has-aspect-ratio\"><img decoding=\"async\" width=\"2560\" height=\"1707\" title=\"showroom\" src=\"https:\/\/rencasa.com\/wp-content\/uploads\/2025\/10\/kitchen-and-dining-zone-in-studio-apartment-2025-02-10-12-01-45-utc-scaled.jpg\" data-orig-src=\"https:\/\/rencasa.compsa.net\/wp-content\/uploads\/2025\/10\/kitchen-and-dining-zone-in-studio-apartment-2025-02-10-12-01-45-utc-scaled.jpg\" class=\"lazyload img-responsive wp-image-5338 img-with-aspect-ratio\" data-parent-fit=\"cover\" data-parent-container=\".fusion-image-element\" alt srcset=\"data:image\/svg+xml,%3Csvg%20xmlns%3D%27http%3A%2F%2Fwww.w3.org%2F2000%2Fsvg%27%20width%3D%272560%27%20height%3D%271707%27%20viewBox%3D%270%200%202560%201707%27%3E%3Crect%20width%3D%272560%27%20height%3D%271707%27%20fill-opacity%3D%220%22%2F%3E%3C%2Fsvg%3E\" data-srcset=\"https:\/\/rencasa.com\/wp-content\/uploads\/2025\/10\/kitchen-and-dining-zone-in-studio-apartment-2025-02-10-12-01-45-utc-200x133.jpg 200w, https:\/\/rencasa.com\/wp-content\/uploads\/2025\/10\/kitchen-and-dining-zone-in-studio-apartment-2025-02-10-12-01-45-utc-400x267.jpg 400w, https:\/\/rencasa.com\/wp-content\/uploads\/2025\/10\/kitchen-and-dining-zone-in-studio-apartment-2025-02-10-12-01-45-utc-600x400.jpg 600w, https:\/\/rencasa.com\/wp-content\/uploads\/2025\/10\/kitchen-and-dining-zone-in-studio-apartment-2025-02-10-12-01-45-utc-800x533.jpg 800w, https:\/\/rencasa.com\/wp-content\/uploads\/2025\/10\/kitchen-and-dining-zone-in-studio-apartment-2025-02-10-12-01-45-utc-1200x800.jpg 1200w, https:\/\/rencasa.com\/wp-content\/uploads\/2025\/10\/kitchen-and-dining-zone-in-studio-apartment-2025-02-10-12-01-45-utc-scaled.jpg 2560w\" data-sizes=\"auto\" data-orig-sizes=\"(max-width: 640px) 100vw, 800px\" \/><\/span><\/div><div class=\"fusion-title title fusion-title-8 fusion-sep-none fusion-title-text fusion-title-size-three\"><h3 class=\"fusion-title-heading title-heading-left fusion-responsive-typography-calculated\" style=\"margin:0;--fontSize:39;line-height:var(--awb-custom_typography_1-line-height);\"><div><\/div>\n<div><\/div>\n<p> Servei Show Room<\/h3><\/div><div class=\"fusion-text fusion-text-9\"><p>Per con\u00e8ixer la teva futura llar amb totes les comoditats i detalls, posem a disposici\u00f3 dels nostres clients una sala de projecci\u00f3 en pantalla gegant, on podreu visualitzar renders en 3D ajudats amb intel\u00b7lig\u00e8ncia artificial i visites virtuals de 360\u00ba que permeten crear representacions visuals altament realistes amb tots els detalls. I en els casos de noves promocions en construcci\u00f3 podr\u00e0 sentir les mateixes sensacions com si ja estigu\u00e9s gaudint de la seva nova llar, aix\u00f2 lajudar\u00e0 a comprendre millor com es veur\u00e0 el disseny final abans que es construeixi.<\/p>\n<\/div><\/div><\/div><div class=\"fusion-layout-column fusion_builder_column fusion-builder-column-9 fusion_builder_column_1_2 1_2 fusion-flex-column\" style=\"--awb-bg-size:cover;--awb-width-large:50%;--awb-margin-top-large:0px;--awb-spacing-right-large:3.84%;--awb-margin-bottom-large:20px;--awb-spacing-left-large:3.84%;--awb-width-medium:50%;--awb-order-medium:0;--awb-spacing-right-medium:3.84%;--awb-spacing-left-medium:3.84%;--awb-width-small:100%;--awb-order-small:0;--awb-spacing-right-small:1.92%;--awb-spacing-left-small:1.92%;\"><div class=\"fusion-column-wrapper fusion-column-has-shadow fusion-flex-justify-content-flex-start fusion-content-layout-column\"><div class=\"fusion-image-element \" style=\"--awb-aspect-ratio:16 \/ 9;--awb-caption-title-font-family:var(--h2_typography-font-family);--awb-caption-title-font-weight:var(--h2_typography-font-weight);--awb-caption-title-font-style:var(--h2_typography-font-style);--awb-caption-title-size:var(--h2_typography-font-size);--awb-caption-title-transform:var(--h2_typography-text-transform);--awb-caption-title-line-height:var(--h2_typography-line-height);--awb-caption-title-letter-spacing:var(--h2_typography-letter-spacing);\"><span class=\" fusion-imageframe imageframe-none imageframe-9 hover-type-none has-aspect-ratio\"><img decoding=\"async\" width=\"2560\" height=\"1707\" title=\"asesoramiento contractual\" src=\"https:\/\/rencasa.com\/wp-content\/uploads\/2025\/10\/young-people-in-the-office-2025-02-22-16-24-04-utc-scaled.jpg\" data-orig-src=\"https:\/\/rencasa.compsa.net\/wp-content\/uploads\/2025\/10\/young-people-in-the-office-2025-02-22-16-24-04-utc-scaled.jpg\" class=\"lazyload img-responsive wp-image-5330 img-with-aspect-ratio\" data-parent-fit=\"cover\" data-parent-container=\".fusion-image-element\" alt srcset=\"data:image\/svg+xml,%3Csvg%20xmlns%3D%27http%3A%2F%2Fwww.w3.org%2F2000%2Fsvg%27%20width%3D%272560%27%20height%3D%271707%27%20viewBox%3D%270%200%202560%201707%27%3E%3Crect%20width%3D%272560%27%20height%3D%271707%27%20fill-opacity%3D%220%22%2F%3E%3C%2Fsvg%3E\" data-srcset=\"https:\/\/rencasa.com\/wp-content\/uploads\/2025\/10\/young-people-in-the-office-2025-02-22-16-24-04-utc-200x133.jpg 200w, https:\/\/rencasa.com\/wp-content\/uploads\/2025\/10\/young-people-in-the-office-2025-02-22-16-24-04-utc-400x267.jpg 400w, https:\/\/rencasa.com\/wp-content\/uploads\/2025\/10\/young-people-in-the-office-2025-02-22-16-24-04-utc-600x400.jpg 600w, https:\/\/rencasa.com\/wp-content\/uploads\/2025\/10\/young-people-in-the-office-2025-02-22-16-24-04-utc-800x533.jpg 800w, https:\/\/rencasa.com\/wp-content\/uploads\/2025\/10\/young-people-in-the-office-2025-02-22-16-24-04-utc-1200x800.jpg 1200w, https:\/\/rencasa.com\/wp-content\/uploads\/2025\/10\/young-people-in-the-office-2025-02-22-16-24-04-utc-scaled.jpg 2560w\" data-sizes=\"auto\" data-orig-sizes=\"(max-width: 640px) 100vw, 800px\" \/><\/span><\/div><div class=\"fusion-title title fusion-title-9 fusion-sep-none fusion-title-text fusion-title-size-three\"><h3 class=\"fusion-title-heading title-heading-left fusion-responsive-typography-calculated\" style=\"margin:0;--fontSize:39;line-height:var(--awb-custom_typography_1-line-height);\"><div><\/div>\n<div><\/div>\n<p> Tramitaci\u00f3 de certificats<\/h3><\/div><div class=\"fusion-text fusion-text-10\"><p>C\u00c8DULA D&#8217;HABITABILITAT: \u00c9s necess\u00e0ria en la formalitzaci\u00f3 de qualsevol operaci\u00f3 de compravenda o lloguer d&#8217;habitatge i per a la tramitaci\u00f3 d&#8217;alta o canvi de nom d&#8217;alguns subministraments a habitatges.<\/p>\n<p>CERTIFICACI\u00d3 ENERG\u00c8TICA: El Reial decret 235\/2013 per a la certificaci\u00f3 de l&#8217;efici\u00e8ncia energ\u00e8tica dels edificis estableix que aquest document \u00e9s imprescindible sempre que es venguin o lloguin edificis o parts dels mateixos, com ara pisos, apartaments o locals comercials.<\/p>\n<\/div><\/div><\/div><div class=\"fusion-layout-column fusion_builder_column fusion-builder-column-10 fusion_builder_column_1_2 1_2 fusion-flex-column\" style=\"--awb-bg-size:cover;--awb-width-large:50%;--awb-margin-top-large:0px;--awb-spacing-right-large:3.84%;--awb-margin-bottom-large:20px;--awb-spacing-left-large:3.84%;--awb-width-medium:50%;--awb-order-medium:0;--awb-spacing-right-medium:3.84%;--awb-spacing-left-medium:3.84%;--awb-width-small:100%;--awb-order-small:0;--awb-spacing-right-small:1.92%;--awb-spacing-left-small:1.92%;\"><div class=\"fusion-column-wrapper fusion-column-has-shadow fusion-flex-justify-content-flex-start fusion-content-layout-column\"><div class=\"fusion-image-element \" style=\"--awb-aspect-ratio:16 \/ 9;--awb-caption-title-font-family:var(--h2_typography-font-family);--awb-caption-title-font-weight:var(--h2_typography-font-weight);--awb-caption-title-font-style:var(--h2_typography-font-style);--awb-caption-title-size:var(--h2_typography-font-size);--awb-caption-title-transform:var(--h2_typography-text-transform);--awb-caption-title-line-height:var(--h2_typography-line-height);--awb-caption-title-letter-spacing:var(--h2_typography-letter-spacing);\"><span class=\" fusion-imageframe imageframe-none imageframe-10 hover-type-none has-aspect-ratio\"><img decoding=\"async\" width=\"2560\" height=\"1707\" title=\"inmueble\" src=\"https:\/\/rencasa.com\/wp-content\/uploads\/2025\/10\/spacious-living-room-with-open-kitchen-2025-02-10-12-00-16-utc-scaled.jpg\" data-orig-src=\"https:\/\/rencasa.compsa.net\/wp-content\/uploads\/2025\/10\/spacious-living-room-with-open-kitchen-2025-02-10-12-00-16-utc-scaled.jpg\" class=\"lazyload img-responsive wp-image-5331 img-with-aspect-ratio\" data-parent-fit=\"cover\" data-parent-container=\".fusion-image-element\" alt srcset=\"data:image\/svg+xml,%3Csvg%20xmlns%3D%27http%3A%2F%2Fwww.w3.org%2F2000%2Fsvg%27%20width%3D%272560%27%20height%3D%271707%27%20viewBox%3D%270%200%202560%201707%27%3E%3Crect%20width%3D%272560%27%20height%3D%271707%27%20fill-opacity%3D%220%22%2F%3E%3C%2Fsvg%3E\" data-srcset=\"https:\/\/rencasa.com\/wp-content\/uploads\/2025\/10\/spacious-living-room-with-open-kitchen-2025-02-10-12-00-16-utc-200x133.jpg 200w, https:\/\/rencasa.com\/wp-content\/uploads\/2025\/10\/spacious-living-room-with-open-kitchen-2025-02-10-12-00-16-utc-400x267.jpg 400w, https:\/\/rencasa.com\/wp-content\/uploads\/2025\/10\/spacious-living-room-with-open-kitchen-2025-02-10-12-00-16-utc-600x400.jpg 600w, https:\/\/rencasa.com\/wp-content\/uploads\/2025\/10\/spacious-living-room-with-open-kitchen-2025-02-10-12-00-16-utc-800x533.jpg 800w, https:\/\/rencasa.com\/wp-content\/uploads\/2025\/10\/spacious-living-room-with-open-kitchen-2025-02-10-12-00-16-utc-1200x800.jpg 1200w, https:\/\/rencasa.com\/wp-content\/uploads\/2025\/10\/spacious-living-room-with-open-kitchen-2025-02-10-12-00-16-utc-scaled.jpg 2560w\" data-sizes=\"auto\" data-orig-sizes=\"(max-width: 640px) 100vw, 800px\" \/><\/span><\/div><div class=\"fusion-title title fusion-title-10 fusion-sep-none fusion-title-text fusion-title-size-three\"><h3 class=\"fusion-title-heading title-heading-left fusion-responsive-typography-calculated\" style=\"margin:0;--fontSize:39;line-height:var(--awb-custom_typography_1-line-height);\"><div><\/div>\n<div><\/div>\n<p> Cerca i selecci\u00f3 d&#8217;immobles<\/h3><\/div><div class=\"fusion-text fusion-text-11\"><p>Rencasa compta amb una \u00e0mplia oferta de propietats a la seva cartera, i ofereix un ampli servei de cerca i selecci\u00f3 d&#8217;immobles que s&#8217;adapten a les necessitats i prefer\u00e8ncies dels seus clients com poden ser la ubicaci\u00f3, l&#8217;\u00fas a qu\u00e8 se li vulgui donar, l&#8217;orientaci\u00f3, el pressupost, etc. Este proceso de busqueda incluye visitas a las propiedades, an\u00e1lisis de las condiciones del inmueble y negociaci\u00f3n de precios y condiciones con los propietarios.<\/p>\n<\/div><\/div><\/div><\/div><\/div><\/p>\n","protected":false},"excerpt":{"rendered":"","protected":false},"author":1,"featured_media":0,"parent":0,"menu_order":0,"comment_status":"closed","ping_status":"closed","template":"100-width.php","meta":{"_acf_changed":false,"footnotes":""},"class_list":["post-874355","page","type-page","status-publish","hentry"],"acf":[],"_links":{"self":[{"href":"https:\/\/rencasa.com\/ca\/wp-json\/wp\/v2\/pages\/874355","targetHints":{"allow":["GET"]}}],"collection":[{"href":"https:\/\/rencasa.com\/ca\/wp-json\/wp\/v2\/pages"}],"about":[{"href":"https:\/\/rencasa.com\/ca\/wp-json\/wp\/v2\/types\/page"}],"author":[{"embeddable":true,"href":"https:\/\/rencasa.com\/ca\/wp-json\/wp\/v2\/users\/1"}],"replies":[{"embeddable":true,"href":"https:\/\/rencasa.com\/ca\/wp-json\/wp\/v2\/comments?post=874355"}],"version-history":[{"count":3,"href":"https:\/\/rencasa.com\/ca\/wp-json\/wp\/v2\/pages\/874355\/revisions"}],"predecessor-version":[{"id":874358,"href":"https:\/\/rencasa.com\/ca\/wp-json\/wp\/v2\/pages\/874355\/revisions\/874358"}],"wp:attachment":[{"href":"https:\/\/rencasa.com\/ca\/wp-json\/wp\/v2\/media?parent=874355"}],"curies":[{"name":"wp","href":"https:\/\/api.w.org\/{rel}","templated":true}]}}